{"id":85,"date":"2023-01-20T16:07:31","date_gmt":"2023-01-20T15:07:31","guid":{"rendered":"http:\/\/www.saralidman.se\/?page_id=85"},"modified":"2026-04-29T12:05:48","modified_gmt":"2026-04-29T10:05:48","slug":"lidmangarden-i-missentrask","status":"publish","type":"page","link":"http:\/\/www.saralidman.se\/?page_id=85","title":{"rendered":"Hyra Sara Lidmans g\u00e5rd i Missentr\u00e4sk"},"content":{"rendered":"\n<p>I norra V\u00e4sterbotten, tre mil fr\u00e5n J\u00f6rn, ligger byn Missentr\u00e4sk d\u00e4r Sara Lidman f\u00f6ddes. Omgivningarna inspirerade Sara Lidman i hennes f\u00f6rfattarskap och \u00e4r en avskild, lugn och kreativ milj\u00f6. H\u00e4r har du m\u00f6jlighet att hyra in dig i n\u00e5got av hennes tv\u00e5 hus p\u00e5 g\u00e5rden, f\u00f6r en kortare eller l\u00e4ngre period.<\/p>\n\n\n\n<p>P\u00e5 Sara Lidmans tid fanns det drygt 250 personer bosatta \u00e5ret om i Missentr\u00e4sk. Nu \u00e4r det ungef\u00e4r ett trettiotal bosatta personer.<\/p>\n\n\n\n<p>Sara Lidman donerade i september 2001 fastigheten Missentr\u00e4sk 1:5 \u2013 hennes barndomsg\u00e5rd \u2013 i Skellefte\u00e5 kommun till stiftelsen Lars F\u00e4rgares g\u00e5rd. Stiftelsen Lars F\u00e4rgares g\u00e5rd \u00e4r en stiftelse med egen f\u00f6rvaltning som inte \u00e4r anknuten till Ume\u00e5 universitet.<\/p>\n\n\n\n<ul class=\"wp-block-list\">\n<li><img loading=\"lazy\" decoding=\"async\" width=\"935\" height=\"525\" src=\"https:\/\/www.umu.se\/contentassets\/4bbd8fb2206d42c0af4b3ec559c1766e\/lidmansgard_missentrsk-1_17151691421972.jpg?width=935&amp;quality=90\" alt=\"\"> <\/li>\n\n\n\n<li>Lidmang\u00e5rden best\u00e5r av tv\u00e5 mindre bostadshus i Sara Lidmans hemby Missentr\u00e4sk, cirka 3 mil fr\u00e5n J\u00f6rn i Skellefte\u00e5 kommun.<\/li>\n<\/ul>\n\n\n\n<p>Sara Lidmans g\u00e5rd best\u00e5r av tv\u00e5 hus; stora och lilla huset som st\u00e5r ett 20-tal meter ifr\u00e5n varandra. I b\u00e5da husen finns det tillg\u00e5ng till mobilt bredband. Koden finns under varje dosa och i din bokningsbekr\u00e4ftelse. <\/p>\n\n\n\n<p><strong>Det stora huset <\/strong>\u00e4r \u00f6ppet f\u00f6r uthyrning \u00e5ret om och har fyra sovplatser, samt m\u00f6jlighet till extrab\u00e4dd.<\/p>\n\n\n\n<div class=\"wp-block-group\"><div class=\"wp-block-group__inner-container is-layout-constrained wp-block-group-is-layout-constrained\">\n<div class=\"wp-block-group\"><div class=\"wp-block-group__inner-container is-layout-constrained wp-block-group-is-layout-constrained\">\n<figure class=\"wp-block-gallery has-nested-images columns-default is-cropped wp-block-gallery-1 is-layout-flex wp-block-gallery-is-layout-flex\">\n<figure class=\"wp-block-image size-large\"><img loading=\"lazy\" decoding=\"async\" width=\"400\" height=\"271\" data-id=\"1059\" src=\"https:\/\/www.saralidman.se\/wp-content\/uploads\/2025\/10\/8de7b7b1-2f6b-4df4-8f2b-e693e1e27e93.webp\" alt=\"\" class=\"wp-image-1059\" srcset=\"http:\/\/www.saralidman.se\/wp-content\/uploads\/2025\/10\/8de7b7b1-2f6b-4df4-8f2b-e693e1e27e93.webp 400w, http:\/\/www.saralidman.se\/wp-content\/uploads\/2025\/10\/8de7b7b1-2f6b-4df4-8f2b-e693e1e27e93-300x203.webp 300w\" sizes=\"auto, (max-width: 400px) 100vw, 400px\" \/><figcaption class=\"wp-element-caption\">Stora huset<\/figcaption><\/figure>\n\n\n\n<figure class=\"wp-block-image size-large\"><img loading=\"lazy\" decoding=\"async\" width=\"400\" height=\"300\" data-id=\"1057\" src=\"https:\/\/www.saralidman.se\/wp-content\/uploads\/2025\/10\/64b8358d-4651-4768-b869-63eb1e33dde8.webp\" alt=\"\" class=\"wp-image-1057\" srcset=\"http:\/\/www.saralidman.se\/wp-content\/uploads\/2025\/10\/64b8358d-4651-4768-b869-63eb1e33dde8.webp 400w, http:\/\/www.saralidman.se\/wp-content\/uploads\/2025\/10\/64b8358d-4651-4768-b869-63eb1e33dde8-300x225.webp 300w\" sizes=\"auto, (max-width: 400px) 100vw, 400px\" \/><figcaption class=\"wp-element-caption\">Sovrum<\/figcaption><\/figure>\n\n\n\n<figure class=\"wp-block-image size-large\"><img loading=\"lazy\" decoding=\"async\" width=\"400\" height=\"300\" data-id=\"1053\" src=\"https:\/\/www.saralidman.se\/wp-content\/uploads\/2025\/10\/35a89ac0-908d-4a3e-8a9d-467c8865a237.webp\" alt=\"\" class=\"wp-image-1053\" srcset=\"http:\/\/www.saralidman.se\/wp-content\/uploads\/2025\/10\/35a89ac0-908d-4a3e-8a9d-467c8865a237.webp 400w, http:\/\/www.saralidman.se\/wp-content\/uploads\/2025\/10\/35a89ac0-908d-4a3e-8a9d-467c8865a237-300x225.webp 300w\" sizes=\"auto, (max-width: 400px) 100vw, 400px\" \/><figcaption class=\"wp-element-caption\">K\u00f6k<\/figcaption><\/figure>\n\n\n\n<figure class=\"wp-block-image size-large\"><img loading=\"lazy\" decoding=\"async\" width=\"400\" height=\"300\" data-id=\"1055\" src=\"https:\/\/www.saralidman.se\/wp-content\/uploads\/2025\/10\/359f3757-dcd5-49a1-b430-ebb71dc4cedb.webp\" alt=\"\" class=\"wp-image-1055\" srcset=\"http:\/\/www.saralidman.se\/wp-content\/uploads\/2025\/10\/359f3757-dcd5-49a1-b430-ebb71dc4cedb.webp 400w, http:\/\/www.saralidman.se\/wp-content\/uploads\/2025\/10\/359f3757-dcd5-49a1-b430-ebb71dc4cedb-300x225.webp 300w\" sizes=\"auto, (max-width: 400px) 100vw, 400px\" \/><figcaption class=\"wp-element-caption\">Arbetsrum<\/figcaption><\/figure>\n<\/figure>\n<\/div><\/div>\n<\/div><\/div>\n\n\n\n<p><\/p>\n\n\n\n<p><strong>Det lilla huset<\/strong> \u00e4r \u00f6ppet f\u00f6r uthyrning maj till oktober och har fyra sovplatser, samt m\u00f6jlighet till extrab\u00e4dd. Lilla huset \u00e4r anpassat f\u00f6r personer med funktionsneds\u00e4ttning med bland annat en ramp vid entr\u00e9n samt bredare d\u00f6rr till badrummet.<\/p>\n\n\n\n<figure class=\"wp-block-gallery has-nested-images columns-default is-cropped wp-block-gallery-2 is-layout-flex wp-block-gallery-is-layout-flex\">\n<figure class=\"wp-block-image size-large\"><img loading=\"lazy\" decoding=\"async\" width=\"400\" height=\"271\" data-id=\"1052\" src=\"https:\/\/www.saralidman.se\/wp-content\/uploads\/2025\/10\/a4d70254-6e8b-46ee-8d91-1feb029afa43.webp\" alt=\"\" class=\"wp-image-1052\" srcset=\"http:\/\/www.saralidman.se\/wp-content\/uploads\/2025\/10\/a4d70254-6e8b-46ee-8d91-1feb029afa43.webp 400w, http:\/\/www.saralidman.se\/wp-content\/uploads\/2025\/10\/a4d70254-6e8b-46ee-8d91-1feb029afa43-300x203.webp 300w\" sizes=\"auto, (max-width: 400px) 100vw, 400px\" \/><figcaption class=\"wp-element-caption\">Lilla huset<\/figcaption><\/figure>\n\n\n\n<figure class=\"wp-block-image size-large\"><img loading=\"lazy\" decoding=\"async\" width=\"400\" height=\"300\" data-id=\"1058\" src=\"https:\/\/www.saralidman.se\/wp-content\/uploads\/2025\/10\/9d2837a8-cfc6-44ac-9de8-5c19c34faeea.webp\" alt=\"\" class=\"wp-image-1058\" srcset=\"http:\/\/www.saralidman.se\/wp-content\/uploads\/2025\/10\/9d2837a8-cfc6-44ac-9de8-5c19c34faeea.webp 400w, http:\/\/www.saralidman.se\/wp-content\/uploads\/2025\/10\/9d2837a8-cfc6-44ac-9de8-5c19c34faeea-300x225.webp 300w\" sizes=\"auto, (max-width: 400px) 100vw, 400px\" \/><figcaption class=\"wp-element-caption\">Sovrum dubbels\u00e4ng<\/figcaption><\/figure>\n\n\n\n<figure class=\"wp-block-image size-large\"><img loading=\"lazy\" decoding=\"async\" width=\"400\" height=\"300\" data-id=\"1054\" src=\"https:\/\/www.saralidman.se\/wp-content\/uploads\/2025\/10\/30b6a856-1832-4ab2-b326-40f177e9c359.webp\" alt=\"\" class=\"wp-image-1054\" srcset=\"http:\/\/www.saralidman.se\/wp-content\/uploads\/2025\/10\/30b6a856-1832-4ab2-b326-40f177e9c359.webp 400w, http:\/\/www.saralidman.se\/wp-content\/uploads\/2025\/10\/30b6a856-1832-4ab2-b326-40f177e9c359-300x225.webp 300w\" sizes=\"auto, (max-width: 400px) 100vw, 400px\" \/><figcaption class=\"wp-element-caption\">Sovrum enkels\u00e4ng<\/figcaption><\/figure>\n\n\n\n<figure class=\"wp-block-image size-large\"><img loading=\"lazy\" decoding=\"async\" width=\"400\" height=\"300\" data-id=\"1056\" src=\"https:\/\/www.saralidman.se\/wp-content\/uploads\/2025\/10\/bfb971f8-96d0-4da6-8d73-6365253eb53e.webp\" alt=\"\" class=\"wp-image-1056\" srcset=\"http:\/\/www.saralidman.se\/wp-content\/uploads\/2025\/10\/bfb971f8-96d0-4da6-8d73-6365253eb53e.webp 400w, http:\/\/www.saralidman.se\/wp-content\/uploads\/2025\/10\/bfb971f8-96d0-4da6-8d73-6365253eb53e-300x225.webp 300w\" sizes=\"auto, (max-width: 400px) 100vw, 400px\" \/><figcaption class=\"wp-element-caption\">K\u00f6k<\/figcaption><\/figure>\n<\/figure>\n\n\n\n<p>Foto: Krister H\u00e4gglund<\/p>\n\n\n\n<h2 class=\"wp-block-heading alignfull\" id=\"info0\">Kostnad f\u00f6r att hyra<\/h2>\n\n\n\n<p>1 person<\/p>\n\n\n\n<p>1\u20132 dagar 600 kr <br>3\u20135 dagar 500 kr <br>6\u20137 dagar 400 kr<\/p>\n\n\n\n<p>2 personer<\/p>\n\n\n\n<p>1\u20132 dagar 1 100 kr <br>3\u20135 dagar 950 kr <br>6\u20137 dagar 750 kr<\/p>\n\n\n\n<p>Se l\u00e4nken nedan f\u00f6r ytterligare information:<\/p>\n\n\n\n<p><a href=\"https:\/\/www.umu.se\/kontakta-oss\/sara-lidman-och-umea-universitet\/hyra-sara-lidmans-gard-i-missentrask\">https:\/\/www.umu.se\/kontakta-oss\/sara-lidman-och-umea-universitet\/hyra-sara-lidmans-gard-i-missentrask<\/a><\/p>\n\n\n\n<h2 class=\"wp-block-heading\" id=\"info1\">Det h\u00e4r beh\u00f6ver du ta med<\/h2>\n\n\n\n<ul class=\"wp-block-list\">\n<li>S\u00e4nglinnen (p\u00e5slakan, lakan och \u00f6rngott)<\/li>\n\n\n\n<li>Handdukar<\/li>\n\n\n\n<li>Tv\u00e5l, hush\u00e5llspapper och toalettpapper<\/li>\n<\/ul>\n\n\n\n<p>N\u00e4rmaste mataff\u00e4r finns i Glommerstr\u00e4sk, cirka 6 kilometer fr\u00e5n Missentr\u00e4sk.&nbsp;<\/p>\n\n\n\n<h2 class=\"wp-block-heading\" id=\"info2\">F\u00f6rbindelser till Missentr\u00e4sk&nbsp;<\/h2>\n\n\n\n<p><strong>T\u00e5g<\/strong> &#8211;&nbsp;N\u00e4rmaste t\u00e5gstation \u00e4r i J\u00f6rn. Du kan boka t\u00e5g b\u00e5de <a href=\"http:\/\/www.sj.se\">via SJ<\/a> och <a href=\"http:\/\/www.norrtag.se\">via Norrt\u00e5g<\/a>.&nbsp;<\/p>\n\n\n\n<p><strong>Flyg<\/strong> &#8211; Du kan flyga till Skellefte\u00e5 eller Arvidsjaurs flygplatser. Forts\u00e4tt med l\u00e4nstrafikens linje 26 till Missentr\u00e4sk.&nbsp;<\/p>\n\n\n\n<p><strong>K\u00f6ra sj\u00e4lv<\/strong> &#8211; <a href=\"https:\/\/maps.app.goo.gl\/cnCuEH42oyR3AAz6A\">Kartl\u00e4nk Google maps<\/a><\/p>\n\n\n\n<h2 class=\"wp-block-heading\" id=\"info3\">F\u00f6r bokning och fr\u00e5gor<\/h2>\n\n\n\n<p>V\u00e4lkommen att kontakta Carina f\u00f6r att hyra Sara Lidmans g\u00e5rd, eller om du har fr\u00e5gor inf\u00f6r att du vill hyra.&nbsp;<\/p>\n\n\n\n<p><a href=\"https:\/\/www.umu.se\/personal\/carina-sehlstedt\/\">Kontakta Carina Sehlstedt<\/a><\/p>\n\n\n\n<p><\/p>\n\n\n\n<p>F\u00f6r information och guidning utomhus av sj\u00e4lva byn, kontakta Missentr\u00e4sk Bygdeg\u00e5rdsf\u00f6rening Yvonne Stenberg&nbsp; 070-345 23 07<\/p>\n\n\n\n<p><strong>Utflyktsm\u00e5l i n\u00e4romr\u00e5det<\/strong>:<\/p>\n\n\n\n<p><strong>Sara i byn &#8211; byn i v\u00e4rlden<\/strong> &#8211; en permanent utst\u00e4llning om Sara Lidman i skolan i Missentr\u00e4sk. \u00d6ppettider och kontakt: <a href=\"http:\/\/saraibyn.se\">saraibyn.se<\/a><\/p>\n\n\n\n<p>I <strong>Gallejaurs kulturreservat<\/strong> finns enklare lunch och fika till f\u00f6rs\u00e4ljning, som h\u00e5ller \u00f6ppet under sommarm\u00e5naderna. M\u00f6jlighet till guidad tur av kulturreservatet finns dagligen under sommaren.&nbsp;<a href=\"http:\/\/gallejaur.com\/gallejaur.com-19.html\" target=\"_blank\" rel=\"noreferrer noopener\">gallejaur.com\/gallejaur.com-19.html<\/a><\/p>\n\n\n\n<p><strong>B\u00e4rens hus<\/strong> i Glommerstr\u00e4sk&nbsp;<a href=\"https:\/\/barenshus.se\/\" target=\"_blank\" rel=\"noreferrer noopener\">barenshus.se<\/a><\/p>\n","protected":false},"excerpt":{"rendered":"<p>I norra V\u00e4sterbotten, tre mil fr\u00e5n J\u00f6rn, ligger byn Missentr\u00e4sk d\u00e4r Sara Lidman f\u00f6ddes. Omgivningarna inspirerade Sara Lidman i hennes f\u00f6rfattarskap och \u00e4r en avskild, lugn och kreativ milj\u00f6. H\u00e4r <a class=\"read-more\" href=\"http:\/\/www.saralidman.se\/?page_id=85\">Read More<\/a><\/p>\n","protected":false},"author":1,"featured_media":0,"parent":0,"menu_order":0,"comment_status":"closed","ping_status":"closed","template":"","meta":{"footnotes":""},"class_list":["post-85","page","type-page","status-publish","hentry"],"_links":{"self":[{"href":"http:\/\/www.saralidman.se\/index.php?rest_route=\/wp\/v2\/pages\/85","targetHints":{"allow":["GET"]}}],"collection":[{"href":"http:\/\/www.saralidman.se\/index.php?rest_route=\/wp\/v2\/pages"}],"about":[{"href":"http:\/\/www.saralidman.se\/index.php?rest_route=\/wp\/v2\/types\/page"}],"author":[{"embeddable":true,"href":"http:\/\/www.saralidman.se\/index.php?rest_route=\/wp\/v2\/users\/1"}],"replies":[{"embeddable":true,"href":"http:\/\/www.saralidman.se\/index.php?rest_route=%2Fwp%2Fv2%2Fcomments&post=85"}],"version-history":[{"count":21,"href":"http:\/\/www.saralidman.se\/index.php?rest_route=\/wp\/v2\/pages\/85\/revisions"}],"predecessor-version":[{"id":1200,"href":"http:\/\/www.saralidman.se\/index.php?rest_route=\/wp\/v2\/pages\/85\/revisions\/1200"}],"wp:attachment":[{"href":"http:\/\/www.saralidman.se\/index.php?rest_route=%2Fwp%2Fv2%2Fmedia&parent=85"}],"curies":[{"name":"wp","href":"https:\/\/api.w.org\/{rel}","templated":true}]}}