{"id":95,"date":"2023-01-20T16:19:00","date_gmt":"2023-01-20T15:19:00","guid":{"rendered":"http:\/\/www.saralidman.se\/?page_id=95"},"modified":"2023-02-03T11:14:43","modified_gmt":"2023-02-03T10:14:43","slug":"sara-kulturhus","status":"publish","type":"page","link":"http:\/\/www.saralidman.se\/?page_id=95","title":{"rendered":"Sara kulturhus"},"content":{"rendered":"\n<p>I Skellefte\u00e5 har stadens kulturhus f\u00e5tt sitt namn efter Sara Lidman. Medan kulturhuset debatterades skrev s\u00e4llskapet  ins\u00e4ndare\/manifest i Norran &#8221;Kulturhus enl Sara Lidman&#8221; d\u00e4r vi lyfte vad vi ans\u00e5g ett kulturhus b\u00f6r inneh\u00e5lla &#8211; med utg\u00e5ngspunkt i sex v\u00e4rdeord av Sara Lidman. Vi s\u00e4nde ocks\u00e5 in detta manifest till kommunstyrelsen och det besl\u00f6ts att beaktas i fortsatta arbetet med kulturhuset. Detta gjorde att manifestet s\u00e5 sm\u00e5ningom hamnade i Peter Mandahls h\u00e4nder,  VD p\u00e5 kommunikationsbyr\u00e5n som skulle profilera huset. Han tyckte att det vi skrivit sammanst\u00e4mde med institutionernas \u00f6nskan och v\u00e4rdeord och kom med den kloka id\u00e9en att d\u00f6pa huset till SARA &#8211;  <br>&#8221;D\u00e4rf\u00f6r att det \u00e4r ett namn som f\u00f6rpliktigar&#8221;. L\u00e4s mer p\u00e5 <a href=\"https:\/\/www.sarakulturhus.se\/\" data-type=\"URL\" data-id=\"https:\/\/www.sarakulturhus.se\/\">www.sarakulturhus.se<\/a><\/p>\n\n\n\n<p>Vi h\u00e5ller med! D\u00e4rf\u00f6r \u00e4r v\u00e5rt manifest fortfarande en m\u00e5lbild f\u00f6r SARA. Vi i s\u00e4llskapet utbildar personal i huset och forts\u00e4tter jobba f\u00f6r att Saras anda ska inf\u00f6rlivas. Nedan kan du l\u00e4sa v\u00e5rt manifest.<\/p>\n\n\n\n<figure class=\"wp-block-image size-large\"><img loading=\"lazy\" decoding=\"async\" width=\"1024\" height=\"767\" src=\"http:\/\/www.saralidman.se\/wp-content\/uploads\/2023\/02\/Sara_kulturhus_vA\u00a4ster_20220711_sara_kulturhusDJI_0083_JohanWennerstrom-1024x767.jpg\" alt=\"\" class=\"wp-image-218\" srcset=\"http:\/\/www.saralidman.se\/wp-content\/uploads\/2023\/02\/Sara_kulturhus_vA\u00a4ster_20220711_sara_kulturhusDJI_0083_JohanWennerstrom-1024x767.jpg 1024w, http:\/\/www.saralidman.se\/wp-content\/uploads\/2023\/02\/Sara_kulturhus_vA\u00a4ster_20220711_sara_kulturhusDJI_0083_JohanWennerstrom-300x225.jpg 300w, http:\/\/www.saralidman.se\/wp-content\/uploads\/2023\/02\/Sara_kulturhus_vA\u00a4ster_20220711_sara_kulturhusDJI_0083_JohanWennerstrom-768x575.jpg 768w, http:\/\/www.saralidman.se\/wp-content\/uploads\/2023\/02\/Sara_kulturhus_vA\u00a4ster_20220711_sara_kulturhusDJI_0083_JohanWennerstrom-1536x1150.jpg 1536w, http:\/\/www.saralidman.se\/wp-content\/uploads\/2023\/02\/Sara_kulturhus_vA\u00a4ster_20220711_sara_kulturhusDJI_0083_JohanWennerstrom-2048x1534.jpg 2048w\" sizes=\"auto, (max-width: 1024px) 100vw, 1024px\" \/><\/figure>\n\n\n\n<p><\/p>\n\n\n\n<p><\/p>\n\n\n\n<h2 class=\"wp-block-heading\">Gnistrande och f\u00f6rargelsev\u00e4ckande <\/h2>\n\n\n\n<p><strong>Kulturhus enligt Sara Lidman<\/strong><\/p>\n\n\n\n<ul class=\"wp-block-list\">\n<li><strong><em>Byn:<\/em><\/strong> \u201dS\u00e5vitt man bor i en by m\u00e5ste man bry sig.\u201d (<em>Tj\u00e4rdalen<\/em>) Skellefte\u00e5 \u00e4r \u00e4ven sina utmark- er. V\u00e5rt kulturhus m\u00e5ste skapa kultur i hela kommunen. Ett kulturhus (i centrum) kan bara fungera fullt ut tillsammans med ett levande kulturliv ute i byarna och hos de ideella f\u00f6reningarna. <\/li>\n\n\n\n<li><strong><em>Motst\u00e5ndet:<\/em><\/strong> \u201d&#8230;ett s\u00e5dant raseri inom en att man inte f\u00e5r andrum till romanarbete f\u00f6rr\u00e4n man inl\u00e4mnat en protest.\u201d (<em>Varje l\u00f6v \u00e4r ett \u00f6ga<\/em>)<br>V\u00e5rt kulturhus kan inte bara vara till f\u00f6r att stryka en kulturell medelklass medh\u00e5rs. Det m\u00e5ste ocks\u00e5 ge rum f\u00f6r motst\u00e5nd, f\u00f6r obekv\u00e4ma grupper som sj\u00e4lva definierar sin kultur. Som inte kan betala marknadshyra. Ett rum f\u00f6r demokrati.<\/li>\n\n\n\n<li><strong><em>Kroppen:<\/em><\/strong> \u201dOch stod d\u00e4r kropp mot kropp en l\u00e5ng stund tv\u00e5 arml\u00f6sa stollar, som tv\u00e5 heta stolpar, som skulle ha fallit om de inte r\u00e5kat luta mot varandra.\u201d (<em>Lifsens rot<\/em>) V\u00e5rt kulturhus m\u00e5ste vara en samh\u00e4llskropp. Kropp och sk\u00e4l. Med fysisk inlevelse. K\u00e4rlek och humor. D\u00e4r kulturer m\u00f6ts och st\u00f6djer varandra.<\/li>\n\n\n\n<li><strong><em>Ordet:<\/em><\/strong> \u201dTag emot b\u00f6ckerna, R\u00f6nnog. Deras v\u00e4rde kan ge sig tillk\u00e4nna \u2013 efter en viss lagrings- tid.\u201d (<em>Lifsens rot<\/em>) V\u00e5rt kulturhus m\u00e5ste erbjuda kulturell vardagslunk. Ett bibliotek och ett bibliotekskaf\u00e9 med en scen. Ett resecentrum f\u00f6r sj\u00e4len. Skapandet med ord. Ber\u00e4ttelserna. Spr\u00e5ket. Nej, spr\u00e5ken. Tigrinja, Farsi och Skjelletm\u00e5l.<\/li>\n\n\n\n<li><strong><em>Solidaritet:<\/em><\/strong> \u201dOcks\u00e5 denna lilla kur \u00e4r en vr\u00e5 i folkets hem, som beh\u00f6ver din n\u00e4rvaro.\u201d (<em>Expressen 1974<\/em>) <br>V\u00e5rt kulturhus m\u00e5ste vara ett nav i kampen mot f\u00f6rtryck, inte bara vara till f\u00f6r oss som har det bra. Alla ska k\u00e4nna sig v\u00e4lkomna, efterfr\u00e5gade och trygga. Oavsett k\u00f6pkraft, ursprung och k\u00f6n.<\/li>\n\n\n\n<li><strong><em>Sam-vett:<\/em><\/strong> \u201dAtt det fanns ett sam-vett? Att varje enskild varelse l\u00f6d en lag som utgick fr\u00e5n det hela. Att allt levande h\u00f6ll ihop \u2013 genom tusen strider och smekningar.\u201d (<em>J\u00e4rnkronan<\/em>) V\u00e5rt kulturhus \u00e4r en h\u00e5llbar byggnad genom hela sin livscykel. Ett passivt hus f\u00f6r aktiv kultur. Lokal byggteknik, lokala material, lokal arbetskraft. Med n\u00e4rproducerad, ekologisk mat. Och en del av det nya runt jernbanan.<\/li>\n<\/ul>\n","protected":false},"excerpt":{"rendered":"<p>I Skellefte\u00e5 har stadens kulturhus f\u00e5tt sitt namn efter Sara Lidman. Medan kulturhuset debatterades skrev s\u00e4llskapet ins\u00e4ndare\/manifest i Norran &#8221;Kulturhus enl Sara Lidman&#8221; d\u00e4r vi lyfte vad vi ans\u00e5g ett <a class=\"read-more\" href=\"http:\/\/www.saralidman.se\/?page_id=95\">Read More<\/a><\/p>\n","protected":false},"author":1,"featured_media":0,"parent":0,"menu_order":0,"comment_status":"closed","ping_status":"closed","template":"","meta":{"footnotes":""},"class_list":["post-95","page","type-page","status-publish","hentry"],"_links":{"self":[{"href":"http:\/\/www.saralidman.se\/index.php?rest_route=\/wp\/v2\/pages\/95","targetHints":{"allow":["GET"]}}],"collection":[{"href":"http:\/\/www.saralidman.se\/index.php?rest_route=\/wp\/v2\/pages"}],"about":[{"href":"http:\/\/www.saralidman.se\/index.php?rest_route=\/wp\/v2\/types\/page"}],"author":[{"embeddable":true,"href":"http:\/\/www.saralidman.se\/index.php?rest_route=\/wp\/v2\/users\/1"}],"replies":[{"embeddable":true,"href":"http:\/\/www.saralidman.se\/index.php?rest_route=%2Fwp%2Fv2%2Fcomments&post=95"}],"version-history":[{"count":8,"href":"http:\/\/www.saralidman.se\/index.php?rest_route=\/wp\/v2\/pages\/95\/revisions"}],"predecessor-version":[{"id":227,"href":"http:\/\/www.saralidman.se\/index.php?rest_route=\/wp\/v2\/pages\/95\/revisions\/227"}],"wp:attachment":[{"href":"http:\/\/www.saralidman.se\/index.php?rest_route=%2Fwp%2Fv2%2Fmedia&parent=95"}],"curies":[{"name":"wp","href":"https:\/\/api.w.org\/{rel}","templated":true}]}}