{"id":259,"date":"2023-02-14T09:47:27","date_gmt":"2023-02-14T08:47:27","guid":{"rendered":"http:\/\/www.saralidman.se\/?page_id=259"},"modified":"2025-08-30T16:05:57","modified_gmt":"2025-08-30T14:05:57","slug":"favoritcitat-2","status":"publish","type":"page","link":"https:\/\/www.saralidman.se\/?page_id=259","title":{"rendered":"Favoritcitat"},"content":{"rendered":"\n<p class=\"has-black-color has-text-color\">Vi f\u00e5r ofta fr\u00e5gan om favoritcitat av Sara Lidman. Har har vi samlat ett antal fr\u00e5n oss och andra l\u00e4sare. <br>Hitta dina egna favoriter!<\/p>\n\n\n\n<blockquote class=\"wp-block-quote is-layout-flow wp-block-quote-is-layout-flow\">\n<p><\/p>\n<\/blockquote>\n\n\n\n<div class=\"wp-block-columns is-layout-flex wp-container-core-columns-is-layout-9d6595d7 wp-block-columns-is-layout-flex\">\n<div class=\"wp-block-column is-layout-flow wp-block-column-is-layout-flow\" style=\"flex-basis:66.66%\">\n<blockquote class=\"wp-block-quote is-layout-flow wp-block-quote-is-layout-flow\">\n<p class=\"has-black-color has-text-color\"><strong>Citat fr\u00e5n romanen Tj\u00e4rdalen:<\/strong><\/p>\n\n\n\n<p class=\"has-black-color has-text-color\">Agda vaknade f\u00f6rst och gick ut p\u00e5 bron i bara linnet, det var s\u00e5 tidigt att ingen var i farten och kunde se henne.<\/p>\n\n\n\n<p class=\"has-black-color has-text-color\">Nisj gick och t\u00e4nkte ljust i tj\u00e4ra.<\/p>\n\n\n\n<p class=\"has-black-color has-text-color\">Och f\u00f6r den som str\u00e4var oj\u00e4mnt med barns och kvinnors v\u00e4nskap och sin egen andh\u00e4mtning \u00e4r det mjukt att komma till kornas enkla v\u00e4ninnlighet och s\u00e4tt att andas.<\/p>\n\n\n\n<p class=\"has-black-color has-text-color\">Skrattet var den b\u00e4sta m\u00f6tespunkten. Utom s\u00e4ngen f\u00f6rst\u00e5s, men s\u00e5nt m\u00e5 man inte t\u00e4nka p\u00e5 om dagen.<\/p>\n\n\n\n<p class=\"has-black-color has-text-color\">Det \u00e4r mycket hemskt att vi ska vara s\u00e5 olika. Och att vi inte ska klara oss utan varandra.<\/p>\n\n\n\n<p class=\"has-black-color has-text-color\">Jag undrar vem som skulle vara s\u00e4mst till om vi inte hade gift oss.<\/p>\n\n\n\n<p class=\"has-black-color has-text-color\">Ska vi dricka oss en skvallerkopp \u00e5 tala om f\u00f6r varann huru, vi ska fira midsommardagen!<\/p>\n\n\n\n<p class=\"has-black-color has-text-color\">Han slogs med myggen men de var o\u00e5tkomliga som ett anklagande samvete.<\/p>\n\n\n\n<p class=\"has-black-color has-text-color\">Ja jag s\u00e4ger er d\u00e5 bara att f\u00f6r min privata del vill jag d\u00e5 inte komma till himlen p\u00e5 sn\u00e5lskjuts.<\/p>\n\n\n\n<p class=\"has-black-color has-text-color\">En by \u00e4r ingen lag\u00e5rd \u00e5 du ska inte blanda ihop folk \u00e5 kreatur! S\u00e5 fort det \u00e4r fr\u00e5gan om en m\u00e4nniska m\u00e5ste hon f\u00e5 vara till, hur skabbig hon \u00e4n \u00e4r.<\/p>\n\n\n\n<p class=\"has-black-color has-text-color\">S\u00e5 fattig f\u00e5r vi aldrig bli att vi int hava r\u00e5d l\u00e5ta en odugling leve lame oss. H\u00f6rni va ja s\u00e4j, bli vi s\u00e5 fattig d\u00e5 \u00e4r vi bara kreatur allihop. \u00c5 d\u00e5 kan he g\u00f6ra desamma me allting.<\/p>\n\n\n\n<p class=\"has-black-color has-text-color\">S\u00e5vitt man bor i en by m\u00e5ste man bry sej.<\/p>\n\n\n\n<p class=\"has-black-color has-text-color\">Kristligheten \u00e4r nog bra men man m\u00e5 int driva ne f\u00f6r l\u00e5ngt i en s\u00e5n h\u00e4r litn fattiby.<\/p>\n\n\n\n<p class=\"has-black-color has-text-color\">Det \u00e4r ett stort ansvar att vara medm\u00e4nniska och hava \u00f6gon till att se, herr Andersson.<\/p>\n\n\n\n<p class=\"has-black-color has-text-color\">Hedrad eller hatad? Vet man aldrig, en by \u00e4r s\u00e5 ober\u00e4knelig.<\/p>\n\n\n\n<p class=\"has-black-color has-text-color\">Himmelriket kan v\u00e4l vara v\u00e4rt en tj\u00e4rdal sa Blom i kv\u00e4llst.<\/p>\n\n\n\n<p><\/p>\n\n\n\n<p class=\"has-black-color has-text-color\"><strong>Citat fr\u00e5n b\u00f6cker<\/strong>:<\/p>\n\n\n\n<p class=\"has-black-color has-text-color\">\u00c4nnu har vi biblioteken, ert motst\u00e5nd, n\u00e4stan otroligt, som lavskrikans hj\u00e4rta, den heliga pumpen (<em>Varje l\u00f6v \u00e4r ett \u00f6ga<\/em>)<\/p>\n\n\n\n<p class=\"has-black-color has-text-color\"><br>Hur skulle man kunna leva om inte turne d\u00e5 och d\u00e5 lurade p\u00e5 en m\u00e4nniska &#8211; som k\u00e4rlekens list. (<em>Lifsens rot<\/em>)<\/p>\n\n\n\n<p class=\"has-black-color has-text-color\"><br>Nog jer he konstigt \u00e4nd\u00e5 va denna h\u00e4r s\u00e5 kallade k\u00e4rleken. han st\u00f6rtar sig neder var som helst. \u00c5 he g\u00e5r icket att tala reson ve an. (<em>Hjortronlandet<\/em>)<\/p>\n\n\n\n<p class=\"has-black-color has-text-color\"><br>Han r\u00f6st satt kvar i deras hur som en l\u00e5ng stund som en s\u00f6t frossa  (<em>Din tj\u00e4nare h\u00f6r<\/em>)<\/p>\n\n\n\n<p class=\"has-black-color has-text-color\"><br>Hon tar mig om armb\u00e5garna och sjunger n\u00e5got p\u00e5 vietnam som jag begriper utan att f\u00f6rst\u00e5 och jag svarar med en ramsa fr\u00e5n Missentr\u00e4sk (<em>Samtal i Hanoi<\/em>)<\/p>\n\n\n\n<p class=\"has-black-color has-text-color\"><br>En annan fr\u00e5ga som ocks\u00e5 vore intressant att st\u00e4lla \u00e4r vad som blir kastruller och vad kulsplitterbomber av det svenska j\u00e4rnet. Vart jag ska v\u00e4nda mig med den fr\u00e5gan vet jag \u00e4nnu inte.  (<em>Gruva<\/em>)<\/p>\n\n\n\n<p class=\"has-black-color has-text-color\"><br>Sj\u00f6n hade f\u00e5tt himlen och h\u00f6ll andan av lycka. (<em>Din tj\u00e4nare h\u00f6r<\/em>)<br><br><\/p>\n\n\n\n<p class=\"has-black-color has-text-color\"><strong>Citat fr\u00e5n dagb\u00f6cker och tal<\/strong><\/p>\n\n\n\n<p class=\"has-black-color has-text-color\">Det ljusnar. &nbsp; M\u00e5nen s\u00e5 tunn och skir som ett lila tulpanblad dagen innan hela tulpanen faller &nbsp;och solen visar sig mycket r\u00f6d i fem minuter<em> (Kalender 14.1 1968)<\/em><br><\/p>\n\n\n\n<p class=\"has-black-color has-text-color\">Fr\u00e5gan \u00e4r om inte varje arbetare snart m\u00e5ste utrustas med en varningstriangel f\u00f6r omv\u00e4rlden, en f\u00f6ljesedel av n\u00e5got slag. OBS levande m\u00e4nniska \u2013 f\u00e5r ej brytas! \u2013 Obs Aktas f\u00f6r st\u00f6tar och ov\u00e4nligt tilltal! \u2013 Obs har endast ett hj\u00e4rta \u2013 oers\u00e4ttligt. \u00c4gare: sin egen \u2013 och den \u00e4lskades. <em>(Tal 17.1 1970)<\/em><br><\/p>\n\n\n\n<p class=\"has-black-color has-text-color\">K\u00e4ra dagbok v\u00e4ck till liv min beg\u00e5vning den hemliga. Hj\u00e4lp mig att gl\u00f6mma mig, &nbsp; &nbsp; att omvandla . . . N\u00e4r allt kommer omkring \u00e4r jag gynnad. <em>(Dagbok 1.2 1960)<\/em><br><\/p>\n\n\n\n<p class=\"has-black-color has-text-color\">Vilken fasansfull avkl\u00e4dning av en sj\u00e4lv en text inneb\u00e4r. &nbsp; Inga konster kan skyla vem man \u00e4r n\u00e4r det kommer till stycket. Man kan ljuga i livet \u2013 i konsten icke \u2013 d\u00e4r faller man p\u00e5 eget grepp. Ens enda hopp i att man icke \u00e4r ensam i f\u00f6rd\u00f6melsen<strong> <\/strong><em>(Dagbok 20.2 1962)<\/em><br><\/p>\n\n\n\n<p class=\"has-black-color has-text-color\">MEN &nbsp; HAN &nbsp; KOM TILLBAKA &nbsp; &nbsp;<br>vi stod i k\u00f6ket&nbsp; &nbsp; han var precis &nbsp; som i livet&nbsp; &nbsp; &nbsp;<br>glad &nbsp; och &nbsp; o-ordentlig &nbsp; &nbsp;<br>och vi kramades &nbsp; och skrattade &nbsp; &nbsp;<br>och det lyste om honom<br><em>(Brev 28.2 2001)<\/em><br><\/p>\n\n\n\n<p class=\"has-black-color has-text-color\">Om det Stora Fj\u00e4rran N\u00e5got kallar en dag vill jag vara beredd att stiga upp fr\u00e5n sekret\u00e4ren och g\u00e5 rakt ut ur huset utan en blick tillbaka (Dagboken, Dalarna 5.8 1953)<br><\/p>\n\n\n\n<p class=\"has-black-color has-text-color\">Av idel sorg orkade jag inte skriva mer i morse &nbsp;&nbsp;Det finns dagar som m\u00e5ste uth\u00e4rdas sekund f\u00f6r sekund&nbsp; (<em>Dagbok Sydafrika 7.2 1961)<\/em><\/p>\n\n\n\n<p class=\"has-black-color has-text-color\"><br>Einstein sa att alla m\u00e4nniskor kan f\u00f6rst\u00e5 det: hur universum \u00e4r.&nbsp; &nbsp; Man kan f\u00f6rst\u00e5 dess hur&nbsp; &nbsp; sa han &nbsp; &nbsp; &nbsp; men inte dess att. <em>(Radiokr\u00f6nika 14.4 1990)<\/em><\/p>\n\n\n\n<p class=\"has-black-color has-text-color\"><br>Naturligtvis var samerna f\u00f6rst &#8211; de som i \u00e5rhundraden genomfarit landet mellan kust och fj\u00e4ll utan att n\u00e5nsin skada de skogar eller vattudrag som gav renen och dem sj\u00e4lva matn &nbsp; Minsta lilla framst\u00e4llning av Norrland borde b\u00f6rja med Samerna <em>(Tal 21.4 1991)<\/em><\/p>\n\n\n\n<p class=\"has-black-color has-text-color\"><br>Det finns inte l\u00e4ngre n\u00e5got som heter avl\u00e4gset h\u00f6rn av v\u00e4rlden. &nbsp; Eller: &nbsp; detta ang\u00e5r icke oss. <em>(Tal 1.5 1972)<\/em><\/p>\n\n\n\n<p class=\"has-black-color has-text-color\"><br>endast en god \u00f6vers\u00e4ttare vet vad som st\u00e5r i f\u00f6rfattarens text \u2013 p\u00e5 godt och ondt&nbsp; &nbsp; s\u00e5 visst m\u00e5ste man rodna \u2013 ibland av skam &nbsp; men n\u00e5gon g\u00e5ng ocks\u00e5 av en blyg stolthet &nbsp; n\u00e4r en hemlig &nbsp; f\u00f6rtj\u00e4nst blivit sedd\u2026<em> (Brev 10.5 1986)<\/em><\/p>\n\n\n\n<p class=\"has-black-color has-text-color\"><br>Ska dom spela Sara om femti \u00e5r eller \u00e4r hon f\u00f6r popul\u00e4r i livstiden f\u00f6r det? <em>(Brev 27.5 1955)<\/em><\/p>\n\n\n\n<p class=\"has-black-color has-text-color\"><br>Det heter nu inte karlar och kvinnor fr\u00e5n Norrland. Det heter <em>Arbets-krafts-reserv.<\/em> Det heter <em>rekryterings-underlag<\/em>. Det heter maximalt r\u00f6rlig arbetskraft. Och nu p\u00e5 sistone <em>l\u00f6ne-kostnader<\/em> eller <em>Kostnads-biten.<\/em> <em>(Tal 7.6 1990)<\/em><\/p>\n<\/blockquote>\n<\/div>\n\n\n\n<div class=\"wp-block-column is-layout-flow wp-block-column-is-layout-flow\" style=\"flex-basis:33.33%\"><\/div>\n<\/div>\n\n\n\n<blockquote class=\"wp-block-quote is-layout-flow wp-block-quote-is-layout-flow\">\n<p>Vi \u00e4r f\u00f6rsenade med v\u00e5ra protester &#8211; men vi m\u00e5ste \u00e4nd\u00e5 utg\u00e5 ifr\u00e5n att dom \u00e4r absolut lifsviktiga\u00a0&#8211; och vi m\u00e5ste k\u00e4nna att vi inte \u00e4r ensamma.<\/p>\n\n\n\n<p>(Ett av Saras sista tal december 2002 mot USA\u00b4s planerade invasion av Irak. <em>Sara-dagar III<\/em>\u00a0s. 33)<\/p>\n<\/blockquote>\n","protected":false},"excerpt":{"rendered":"<p>Vi f\u00e5r ofta fr\u00e5gan om favoritcitat av Sara Lidman. Har har vi samlat ett antal fr\u00e5n oss och andra l\u00e4sare. Hitta dina egna favoriter! Citat fr\u00e5n romanen Tj\u00e4rdalen: Agda vaknade <a class=\"read-more\" href=\"https:\/\/www.saralidman.se\/?page_id=259\">Read More<\/a><\/p>\n","protected":false},"author":1,"featured_media":0,"parent":0,"menu_order":0,"comment_status":"closed","ping_status":"closed","template":"","meta":{"footnotes":""},"class_list":["post-259","page","type-page","status-publish","hentry"],"_links":{"self":[{"href":"https:\/\/www.saralidman.se\/index.php?rest_route=\/wp\/v2\/pages\/259","targetHints":{"allow":["GET"]}}],"collection":[{"href":"https:\/\/www.saralidman.se\/index.php?rest_route=\/wp\/v2\/pages"}],"about":[{"href":"https:\/\/www.saralidman.se\/index.php?rest_route=\/wp\/v2\/types\/page"}],"author":[{"embeddable":true,"href":"https:\/\/www.saralidman.se\/index.php?rest_route=\/wp\/v2\/users\/1"}],"replies":[{"embeddable":true,"href":"https:\/\/www.saralidman.se\/index.php?rest_route=%2Fwp%2Fv2%2Fcomments&post=259"}],"version-history":[{"count":24,"href":"https:\/\/www.saralidman.se\/index.php?rest_route=\/wp\/v2\/pages\/259\/revisions"}],"predecessor-version":[{"id":1021,"href":"https:\/\/www.saralidman.se\/index.php?rest_route=\/wp\/v2\/pages\/259\/revisions\/1021"}],"wp:attachment":[{"href":"https:\/\/www.saralidman.se\/index.php?rest_route=%2Fwp%2Fv2%2Fmedia&parent=259"}],"curies":[{"name":"wp","href":"https:\/\/api.w.org\/{rel}","templated":true}]}}