{"id":28,"date":"2023-01-20T11:26:59","date_gmt":"2023-01-20T10:26:59","guid":{"rendered":"http:\/\/www.saralidman.se\/?page_id=28"},"modified":"2026-04-01T13:27:03","modified_gmt":"2026-04-01T11:27:03","slug":"aktuellt","status":"publish","type":"page","link":"https:\/\/www.saralidman.se\/","title":{"rendered":"Aktuellt"},"content":{"rendered":"\n<h2 class=\"wp-block-heading\">AKTUELLT<\/h2>\n\n\n\n<p>Sara Lidman-s\u00e4llskapets arrangemang hittar du under: <a href=\"http:\/\/www.saralidman.se\/?post_type=tribe_events\">evenemang<\/a><\/p>\n\n\n\n<p><\/p>\n\n\n\n<div class=\"wp-block-group\"><div class=\"wp-block-group__inner-container is-layout-constrained wp-block-group-is-layout-constrained\">\n<p><strong>Ans\u00f6k till residens Sara Lidman<\/strong> <a href=\"https:\/\/www.umu.se\/kontakta-oss\/sara-lidman-och-umea-universitet\/residens-sara-lidman\/ansok-till-residens-sara-lidman\/\">https:\/\/www.umu.se\/kontakta-oss\/sara-lidman-och-umea-universitet\/residens-sara-lidman\/ansok-till-residens-sara-lidman\/<\/a><\/p>\n<\/div><\/div>\n\n\n\n<p><\/p>\n\n\n\n<p><strong>Styrelsen f\u00f6r Sara Lidman-s\u00e4llskapet i Ume\u00e5 har vid sitt sammantr\u00e4de 19 januari utsett f\u00f6rfattaren Balsam Karam till mottagare av Sara Lidman-priset 2026<\/strong> <a href=\"https:\/\/www.saralidman.se\/?tribe_events=balsam-karam-far-sara-lidman-priset-2026\">https:\/\/www.saralidman.se\/?tribe_events=balsam-karam-far-sara-lidman-priset-2026<\/a><\/p>\n\n\n\n<p><\/p>\n\n\n\n<p><strong>Se streaming av Sara-dagen 22 mars 2026<\/strong><br>Saradagen i Ume\u00e5 streamades live och h\u00e4r har du m\u00f6jligheten att se den i efterskott:  <\/p>\n\n\n\n<p><a href=\"https:\/\/streamio.com\/c\/minabibliotek\/v\/69c001386f8d8d0b71000002\">https:\/\/streamio.com\/c\/minabibliotek\/v\/69c001386f8d8d0b71000002<\/a><br><a href=\"https:\/\/s3m.io\/FiDAH\" target=\"_blank\" rel=\"noreferrer noopener\">Sara-dagen 2025 i Ume\u00e5<\/a><\/p>\n\n\n\n<p><\/p>\n\n\n\n<div class=\"wp-block-group\"><div class=\"wp-block-group__inner-container is-layout-constrained wp-block-group-is-layout-constrained\"><\/div><\/div>\n\n\n\n<p><strong>Nu finns Sara Lidmans tal digitaliserade<\/strong><br>F\u00f6rfattaren Sara Lidmans arkiv \u00e4r ett av Ume\u00e5 universitetsbiblioteks mest anv\u00e4nda arkiv och nu finns \u00e4ven hennes tal digitaliserade och m\u00f6jliga att ta del av: <a href=\"https:\/\/digital.ub.umu.se\/node\/1089709?fulltext-query=\" data-type=\"link\" data-id=\"https:\/\/digital.ub.umu.se\/node\/1089709?fulltext-query=\" target=\"_blank\" rel=\"noreferrer noopener\">Sara Lidmans arkiv \/ tal digitaliserade<\/a><\/p>\n\n\n\n<p><\/p>\n\n\n\n<p><strong>Ess\u00e4 av Birgitta Holm<\/strong><br>Birgitta Holm ser likheter mellan Jernbaneeposets <em>underbara m\u00e4n<\/em> och dagens. Historien om Northvolt, Peter Carlsson och hans mentor Elon Musk har en n\u00e4rmast sedel\u00e4rande aura. Och faktum \u00e4r att den i h\u00e4pnadsv\u00e4ckande h\u00f6g grad liknar f\u00f6rloppet i Sara Lidmans Jernbaneepos. <a href=\"https:\/\/www.saralidman.se\/?page_id=793\" data-type=\"page\" data-id=\"793\">L\u00e4s hela ess\u00e4n h\u00e4r<\/a><br><\/p>\n\n\n\n<p><strong>Sara Lidman s\u00e4llskapet<\/strong><br>Sara Lidman-s\u00e4llskapet v\u00e4lkomnar alltid nya medlemmar. Man kan vara st\u00f6dmedlem eller aktiv i v\u00e5ra arbetsgrupper i Stockholm, Ume\u00e5 och Skellefte\u00e5.  <a href=\"http:\/\/www.saralidman.se\/?page_id=2\">Om s\u00e4llskapet<\/a><\/p>\n\n\n\r\n\t\t<div id=\"you-can-quote-me-on-that-69ec90d39223b\" class=\"you-can-quote-me-on-that-container you-can-quote-me-on-that-55  loading\">\r\n\t\t\r\n\t\t\t<ul class=\"you-can-quote-me-on-that\">\r\n\r\n\t\t\t\t\r\n\t\t\t\t\t<li class=\"slide\">\r\n\t\t\t            \t\t\t\t\t\t\t\t\t\t\t\t\t\t<div class=\"quote no-title\" style=\"color: #006489;\">\r\n\t\t\t\t\t\t\t\tVi \u00e4r f\u00f6rsenade med v\u00e5ra protester - men vi m\u00e5ste \u00e4nd\u00e5 utg\u00e5 ifr\u00e5n att dom \u00e4r absolut lifsviktiga\u00a0- och vi m\u00e5ste k\u00e4nna att vi inte \u00e4r ensamma. (Ett av Saras sista tal december 2002 mot USA\u00b4s planerade invasion av Irak. Sara-dagar III\u00a0s. 33)\t\t\t\t\t\t\t<\/div>\r\n\t\t\t\t\t\t\t\r\n\t\t\t\t\t\t\t\t\t\t\t\t\t\t\t\t\t\t<\/li>\r\n\r\n\t\t\t\t\r\n\t\t\t\t\t<li class=\"slide\">\r\n\t\t\t            \t\t\t\t\t\t\t\t\t\t\t\t\t\t<div class=\"quote no-title\" style=\"color: #006489;\">\r\n\t\t\t\t\t\t\t\t&quot;Jag vill studera m\u00e4nniskor. Skriva om dem; hata, \u00e4lska f\u00f6rst\u00e5, upph\u00f6ja enkelheten, sn\u00e4llheten, nedg\u00f6ra pondusen och sj\u00e4lviskheten. &quot; \/ Dagbok, 30\/12 1941\t\t\t\t\t\t\t<\/div>\r\n\t\t\t\t\t\t\t\r\n\t\t\t\t\t\t\t\t\t\t\t\t\t\t\t\t\t\t<\/li>\r\n\r\n\t\t\t\t\r\n\t\t\t\t\t<li class=\"slide\">\r\n\t\t\t            \t\t\t\t\t\t\t\t\t\t\t\t\t\t<div class=\"quote no-title\" style=\"color: #006489;\">\r\n\t\t\t\t\t\t\t\tInnan el-ljuset kom \u00a0 - \u00a0 oh fasor.\u00a0 Denna utsatthet.\u00a0 Drivorna\u00a0 \u00a0 Okunnigheten. Skr\u00e4cken.\u00a0 \u00a0 Lidelserna\u00a0 \u00a0 Sammanh\u00e5llningen (Dagboken 5.1 1975)\t\t\t\t\t\t\t<\/div>\r\n\t\t\t\t\t\t\t\r\n\t\t\t\t\t\t\t\t\t\t\t\t\t\t\t\t\t\t<\/li>\r\n\r\n\t\t\t\t\r\n\t\t\t\t\t<li class=\"slide\">\r\n\t\t\t            \t\t\t\t\t\t\t\t\t\t\t\t\t\t<div class=\"quote no-title\" style=\"color: #006489;\">\r\n\t\t\t\t\t\t\t\t&quot;nog \u00e4r det \u00e4nd\u00e5 ett stort jobb att kn\u00e5pa ihop en bok och d\u00e5 \u00e4r det \u00e4nd\u00e5 n\u00e5got som l\u00e4ses s\u00e5 fort av andra.&quot; \/ Brev 9\/2 1959\t\t\t\t\t\t\t<\/div>\r\n\t\t\t\t\t\t\t\r\n\t\t\t\t\t\t\t\t\t\t\t\t\t\t\t\t\t\t<\/li>\r\n\r\n\t\t\t\t\r\n\t\t\t\t\t<li class=\"slide\">\r\n\t\t\t            \t\t\t\t\t\t\t\t\t\t\t\t\t\t<div class=\"quote no-title\" style=\"color: #006489;\">\r\n\t\t\t\t\t\t\t\t&quot;k\u00e4rleken till fosterjorden&quot;\u2026 en s\u00e5 sammansatt k\u00e4nsla, oftare blyg \u00e4n bombastisk\r\ns\u00e5dana sn\u00e5r av gl\u00e4dje och suckar, av sorg och tjut, av skvattram, trettionio sorters sn\u00f6,\r\nnorrsken, tunn-br\u00f6d, r\u00f6ding, norna och hemliga riter?\r\n(och tr\u00e4det svarade s155, 1988)\t\t\t\t\t\t\t<\/div>\r\n\t\t\t\t\t\t\t\r\n\t\t\t\t\t\t\t\t\t\t\t\t\t\t\t\t\t\t<\/li>\r\n\r\n\t\t\t\t\r\n\t\t\t\t\t<li class=\"slide\">\r\n\t\t\t            \t\t\t\t\t\t\t\t\t\t\t\t\t\t<div class=\"quote no-title\" style=\"color: #006489;\">\r\n\t\t\t\t\t\t\t\t&quot;Sj\u00f6n hade f\u00e5tt himlen och h\u00f6ll andan av lycka&quot; \/Din tj\u00e4nare h\u00f6r\t\t\t\t\t\t\t<\/div>\r\n\t\t\t\t\t\t\t\r\n\t\t\t\t\t\t\t\t\t\t\t\t\t\t\t\t\t\t<\/li>\r\n\r\n\t\t\t\t\r\n\t\t\t\t\t<li class=\"slide\">\r\n\t\t\t            \t\t\t\t\t\t\t\t\t\t\t\t\t\t<div class=\"quote no-title\" style=\"color: #006489;\">\r\n\t\t\t\t\t\t\t\tK\u00e4rleks ursinne   denna blandning av munterhet och f\u00f6rtvivlan \u2013 att vara som ut-l\u00e5nad \u00e5t ok\u00e4nda krafter. \/ Radiokr\u00f6nika 14\/4 1990\t\t\t\t\t\t\t<\/div>\r\n\t\t\t\t\t\t\t\r\n\t\t\t\t\t\t\t\t\t\t\t\t\t\t\t\t\t\t<\/li>\r\n\r\n\t\t\t\t\t\t\t\t\r\n\t\t\t<\/ul>\r\n\t\t\t\r\n\t\t\t<div class=\"controls-container\">\r\n\t\t\t\t<div class=\"controls\">\r\n\t\t\t\t\t<div class=\"prev\" style=\"background-color: #006489;\">\r\n\t\t\t\t\t\t<i class=\"ycqmot-fa ycqmot-fa-angle-left\"><\/i>\r\n\t\t\t\t\t\t<div class=\"rollover\" style=\"background-color: #00597A;\"><\/div>\r\n\t\t\t\t\t<\/div>\r\n\t\t\t\t\t<div class=\"next\" style=\"background-color: #006489;\">\r\n\t\t\t\t\t\t<i class=\"ycqmot-fa ycqmot-fa-angle-right\"><\/i>\r\n\t\t\t\t\t\t<div class=\"rollover\" style=\"background-color: #00597A;\"><\/div>\r\n\t\t\t\t\t<\/div>\r\n\t\t\t\t<\/div>\r\n\t\t\t<\/div>\r\n\t\t\t\r\n\t\t<\/div>\r\n\t\t\r\n\t\t<script type=\"text\/javascript\">\r\n\t\t\tjQuery(window).on('load', function() {\r\n\t\t\t\tnew YouCanQuoteMeOnThat( '#you-can-quote-me-on-that-69ec90d39223b', {\r\n\t\t\t\t\tspeed: 800,\r\n\t\t\t\t\tslideshow: 1,\r\n\t\t\t\t\tslideshowSpeed: 10000\t\t\t\t})\r\n\t\t\t});\r\n\t\t<\/script>\r\n\r\n\t\n\n\n\n<blockquote class=\"wp-block-quote is-layout-flow wp-block-quote-is-layout-flow\">\n<p><\/p>\n<\/blockquote>\n\n\n\n<p><\/p>\n","protected":false},"excerpt":{"rendered":"<p>AKTUELLT Sara Lidman-s\u00e4llskapets arrangemang hittar du under: evenemang Ans\u00f6k till residens Sara Lidman https:\/\/www.umu.se\/kontakta-oss\/sara-lidman-och-umea-universitet\/residens-sara-lidman\/ansok-till-residens-sara-lidman\/ Styrelsen f\u00f6r Sara Lidman-s\u00e4llskapet i Ume\u00e5 har vid sitt sammantr\u00e4de 19 januari utsett f\u00f6rfattaren Balsam Karam <a class=\"read-more\" href=\"https:\/\/www.saralidman.se\/\">Read More<\/a><\/p>\n","protected":false},"author":1,"featured_media":0,"parent":0,"menu_order":0,"comment_status":"closed","ping_status":"closed","template":"","meta":{"footnotes":""},"class_list":["post-28","page","type-page","status-publish","hentry"],"_links":{"self":[{"href":"https:\/\/www.saralidman.se\/index.php?rest_route=\/wp\/v2\/pages\/28","targetHints":{"allow":["GET"]}}],"collection":[{"href":"https:\/\/www.saralidman.se\/index.php?rest_route=\/wp\/v2\/pages"}],"about":[{"href":"https:\/\/www.saralidman.se\/index.php?rest_route=\/wp\/v2\/types\/page"}],"author":[{"embeddable":true,"href":"https:\/\/www.saralidman.se\/index.php?rest_route=\/wp\/v2\/users\/1"}],"replies":[{"embeddable":true,"href":"https:\/\/www.saralidman.se\/index.php?rest_route=%2Fwp%2Fv2%2Fcomments&post=28"}],"version-history":[{"count":98,"href":"https:\/\/www.saralidman.se\/index.php?rest_route=\/wp\/v2\/pages\/28\/revisions"}],"predecessor-version":[{"id":1175,"href":"https:\/\/www.saralidman.se\/index.php?rest_route=\/wp\/v2\/pages\/28\/revisions\/1175"}],"wp:attachment":[{"href":"https:\/\/www.saralidman.se\/index.php?rest_route=%2Fwp%2Fv2%2Fmedia&parent=28"}],"curies":[{"name":"wp","href":"https:\/\/api.w.org\/{rel}","templated":true}]}}